{"id":10516,"date":"2023-06-13T10:32:17","date_gmt":"2023-06-13T08:32:17","guid":{"rendered":"https:\/\/www.ultra-filter.be\/productos\/secado-al-aire\/"},"modified":"2023-06-13T10:32:18","modified_gmt":"2023-06-13T08:32:18","slug":"secado-al-aire","status":"publish","type":"page","link":"https:\/\/www.ultra-filter.be\/es\/productos\/secado-al-aire\/","title":{"rendered":"Secado al aire"},"content":{"rendered":"<p><div class=\"fusion-fullwidth fullwidth-box fusion-builder-row-1 nonhundred-percent-fullwidth non-hundred-percent-height-scrolling\" style=\"--awb-border-radius-top-left:0px;--awb-border-radius-top-right:0px;--awb-border-radius-bottom-right:0px;--awb-border-radius-bottom-left:0px;--awb-margin-bottom:20px;--awb-flex-wrap:wrap;\" ><div class=\"fusion-builder-row fusion-row\"><div class=\"fusion-layout-column fusion_builder_column fusion-builder-column-0 fusion_builder_column_1_1 1_1 fusion-one-full fusion-column-first fusion-column-last\" style=\"--awb-padding-top:30px;--awb-padding-bottom:20px;--awb-bg-color:#ffffff;--awb-bg-color-hover:#ffffff;--awb-bg-size:cover;\"><div class=\"fusion-column-wrapper fusion-flex-column-wrapper-legacy\"><div class=\"fusion-title title fusion-title-1 fusion-sep-none fusion-title-center fusion-title-text fusion-title-size-one\" style=\"--awb-margin-top-small:0px;--awb-margin-right-small:0px;--awb-margin-bottom-small:20px;--awb-margin-left-small:0px;\"><h1 class=\"fusion-title-heading title-heading-center fusion-responsive-typography-calculated\" style=\"margin:0;--fontSize:48;line-height:1.2;\">Secado al aire<\/h1><\/div><div class=\"fusion-text fusion-text-1\"><p style=\"text-align: center;\"><a class=\"_ps2id\" href=\"#refrigeration-dryers\" data-ps2id-offset=\"80px\">Secadores frigor\u00edficos<\/a> |\u00a0<a class=\"_ps2id\" href=\"#cold-regenerated-adsorption-dryers\" data-ps2id-offset=\"\">Secadores de adsorci\u00f3n regenerados en fr\u00edo<\/a> |\u00a0<a href=\"#heat-regenerated-adsorption-dryers\">Secadores de adsorci\u00f3n regenerados por calor<\/a> |\u00a0<a href=\"#membrane-dryer\">Secadores de membrana<\/a><\/p>\n<\/div><div class=\"fusion-clearfix\"><\/div><\/div><\/div><\/div><\/div><div class=\"fusion-fullwidth fullwidth-box fusion-builder-row-2 nonhundred-percent-fullwidth non-hundred-percent-height-scrolling\" style=\"--awb-border-radius-top-left:0px;--awb-border-radius-top-right:0px;--awb-border-radius-bottom-right:0px;--awb-border-radius-bottom-left:0px;--awb-margin-bottom:40px;--awb-flex-wrap:wrap;\" ><div class=\"fusion-builder-row fusion-row\"><div class=\"fusion-layout-column fusion_builder_column fusion-builder-column-1 fusion_builder_column_1_5 1_5 fusion-one-fifth fusion-column-first\" style=\"--awb-bg-size:cover;width:20%;width:calc(20% - ( ( 4% ) * 0.2 ) );margin-right: 4%;\"><div class=\"fusion-column-wrapper fusion-flex-column-wrapper-legacy\"><div class=\"fusion-widget-area awb-widget-area-element fusion-widget-area-1 fusion-content-widget-area\" style=\"--awb-title-color:#747474;--awb-padding:0px 0px 0px 0px;\"><style type=\"text\/css\" data-id=\"avada-vertical-menu-widget-2\">#avada-vertical-menu-widget-2 > ul.menu { margin-top: -8px; }<\/style><div id=\"avada-vertical-menu-widget-2\" class=\"widget avada_vertical_menu\" style=\"background-color: rgba(244,244,244,0);\"><style>#fusion-vertical-menu-widget-avada-vertical-menu-widget-2-nav ul.menu li a {font-size:15px;}<\/style><nav id=\"fusion-vertical-menu-widget-avada-vertical-menu-widget-2-nav\" class=\"fusion-vertical-menu-widget fusion-menu hover left no-border\" aria-label=\"Secondary Navigation: \"><ul id=\"menu-category-menu\" class=\"menu\"><li id=\"menu-item-202\" class=\"menu-item menu-item-type-post_type menu-item-object-page menu-item-202\"><a href=\"https:\/\/www.ultra-filter.be\/products\/industrial-filtration\/\" data-ps2id-api=\"true\"><span class=\"link-text\"> Filtraci\u00f3n industrial<\/span><span class=\"arrow\"><\/span><\/a><\/li><li id=\"menu-item-339\" class=\"menu-item menu-item-type-post_type menu-item-object-page menu-item-339\"><a href=\"https:\/\/www.ultra-filter.be\/products\/process-filtration\/\" data-ps2id-api=\"true\"><span class=\"link-text\"> Filtraci\u00f3n de procesos<\/span><span class=\"arrow\"><\/span><\/a><\/li><li id=\"menu-item-9931\" class=\"menu-item menu-item-type-post_type menu-item-object-page menu-item-9931\"><a href=\"https:\/\/www.ultra-filter.be\/products\/sterile-filtration-liquids-gases\/\" data-ps2id-api=\"true\"><span class=\"link-text\"> Filtraci\u00f3n est\u00e9ril (l\u00edquidos y gases)<\/span><span class=\"arrow\"><\/span><\/a><\/li><li id=\"menu-item-338\" class=\"menu-item menu-item-type-post_type menu-item-object-page menu-item-338\"><a href=\"https:\/\/www.ultra-filter.be\/products\/air-drying\/\" data-ps2id-api=\"true\"><span class=\"link-text\"> Secado al aire<\/span><span class=\"arrow\"><\/span><\/a><\/li><li id=\"menu-item-337\" class=\"menu-item menu-item-type-post_type menu-item-object-page menu-item-337\"><a href=\"https:\/\/www.ultra-filter.be\/products\/condensate-treatment\/\" data-ps2id-api=\"true\"><span class=\"link-text\"> Tratamiento de condensados<\/span><span class=\"arrow\"><\/span><\/a><\/li><li id=\"menu-item-341\" class=\"menu-item menu-item-type-post_type menu-item-object-page menu-item-341\"><a href=\"https:\/\/www.ultra-filter.be\/products\/measuring-technology\/\" data-ps2id-api=\"true\"><span class=\"link-text\"> Tecnolog\u00eda de medici\u00f3n<\/span><span class=\"arrow\"><\/span><\/a><\/li><li id=\"menu-item-9156\" class=\"menu-item menu-item-type-post_type menu-item-object-page menu-item-9156\"><a href=\"https:\/\/www.ultra-filter.be\/products\/alternative-series\/\" data-ps2id-api=\"true\"><span class=\"link-text\"> Serie alternativa<\/span><span class=\"arrow\"><\/span><\/a><\/li><\/ul><\/nav><\/div><div class=\"fusion-additional-widget-content\"><\/div><\/div><div class=\"fusion-clearfix\"><\/div><\/div><\/div><div class=\"fusion-layout-column fusion_builder_column fusion-builder-column-2 fusion_builder_column_4_5 4_5 fusion-four-fifth fusion-column-last\" style=\"--awb-bg-size:cover;width:80%;width:calc(80% - ( ( 4% ) * 0.8 ) );\"><div class=\"fusion-column-wrapper fusion-flex-column-wrapper-legacy\"><div class=\"fusion-title title fusion-title-2 fusion-sep-none fusion-title-text fusion-title-size-two\" style=\"--awb-margin-top-small:0px;--awb-margin-right-small:0px;--awb-margin-bottom-small:20px;--awb-margin-left-small:0px;\" id=\"refrigeration-dryers\"><h2 class=\"fusion-title-heading title-heading-left fusion-responsive-typography-calculated\" style=\"margin:0;--fontSize:32;line-height:1.4;\">Secadores frigor\u00edficos<\/h2><\/div><div class=\"woocommerce columns-3 \"><ul class=\"products clearfix products-3\">\n<li class=\"product type-product post-11786 status-publish first instock product_cat-secado-al-aire product_cat-secadores-frigorificos product_tag-ficha-tecnica has-post-thumbnail taxable shipping-taxable product-type-simple product-grid-view\">\n\t<div class=\"fusion-product-wrapper\">\n\n<div class=\"fusion-clean-product-image-wrapper \">\n\t<div  class=\"fusion-image-wrapper fusion-image-size-fixed\" aria-haspopup=\"true\">\n\t\t\t\t\t\t\t<a href=\"https:\/\/www.ultra-filter.be\/es\/products\/secado-al-aire\/secadores-frigorificos\/ultra-dry-ud-50hz\/\" aria-label=\"Ultra.dry UD 50Hz\">\n\t\t\t\t\t\t\t<img decoding=\"async\" width=\"500\" height=\"500\" src=\"https:\/\/www.ultra-filter.be\/wp-content\/uploads\/2020\/07\/ultradry-50-500x500.png\" class=\"attachment-woocommerce_thumbnail size-woocommerce_thumbnail wp-post-image\" alt=\"\" srcset=\"https:\/\/www.ultra-filter.be\/wp-content\/uploads\/2020\/07\/ultradry-50-66x66.png 66w, https:\/\/www.ultra-filter.be\/wp-content\/uploads\/2020\/07\/ultradry-50-100x100.png 100w, https:\/\/www.ultra-filter.be\/wp-content\/uploads\/2020\/07\/ultradry-50-150x150.png 150w, https:\/\/www.ultra-filter.be\/wp-content\/uploads\/2020\/07\/ultradry-50-200x200.png 200w, https:\/\/www.ultra-filter.be\/wp-content\/uploads\/2020\/07\/ultradry-50-300x300.png 300w, https:\/\/www.ultra-filter.be\/wp-content\/uploads\/2020\/07\/ultradry-50-400x400.png 400w, https:\/\/www.ultra-filter.be\/wp-content\/uploads\/2020\/07\/ultradry-50-500x500.png 500w, https:\/\/www.ultra-filter.be\/wp-content\/uploads\/2020\/07\/ultradry-50-600x600.png 600w, https:\/\/www.ultra-filter.be\/wp-content\/uploads\/2020\/07\/ultradry-50-700x700.png 700w, https:\/\/www.ultra-filter.be\/wp-content\/uploads\/2020\/07\/ultradry-50-768x768.png 768w, https:\/\/www.ultra-filter.be\/wp-content\/uploads\/2020\/07\/ultradry-50.png 800w\" sizes=\"(max-width: 500px) 100vw, 500px\" \/><div class=\"cart-loading\"><i class=\"awb-icon-spinner\" aria-hidden=\"true\"><\/i><\/div>\t\t\t<\/a>\n\t\t\t\t\t\t\t<\/div>\n<\/div>\n<div class=\"fusion-product-content\">\n\t<div class=\"product-details\">\n\t\t<div class=\"product-details-container\">\n<h3 class=\"product-title\">\n\t<a href=\"https:\/\/www.ultra-filter.be\/es\/products\/secado-al-aire\/secadores-frigorificos\/ultra-dry-ud-50hz\/\">\n\t\tUltra.dry UD 50Hz\t<\/a>\n<\/h3>\n<div class=\"fusion-price-rating\">\n\n\t\t<\/div>\n\t<\/div>\n<\/div>\n\n\t<\/div> \n\n\n<\/div>\n<\/li>\n<li class=\"product type-product post-11785 status-publish instock product_cat-secado-al-aire product_cat-secadores-frigorificos product_tag-ficha-tecnica has-post-thumbnail taxable shipping-taxable product-type-simple product-grid-view\">\n\t<div class=\"fusion-product-wrapper\">\n\n<div class=\"fusion-clean-product-image-wrapper \">\n\t<div  class=\"fusion-image-wrapper fusion-image-size-fixed\" aria-haspopup=\"true\">\n\t\t\t\t\t\t\t<a href=\"https:\/\/www.ultra-filter.be\/es\/products\/secado-al-aire\/secadores-frigorificos\/ultra-dry-ud-60-hz\/\" aria-label=\"Ultra.dry UD 60Hz\">\n\t\t\t\t\t\t\t<img decoding=\"async\" width=\"500\" height=\"500\" src=\"https:\/\/www.ultra-filter.be\/wp-content\/uploads\/2020\/07\/ultradry-50-500x500.png\" class=\"attachment-woocommerce_thumbnail size-woocommerce_thumbnail wp-post-image\" alt=\"\" srcset=\"https:\/\/www.ultra-filter.be\/wp-content\/uploads\/2020\/07\/ultradry-50-66x66.png 66w, https:\/\/www.ultra-filter.be\/wp-content\/uploads\/2020\/07\/ultradry-50-100x100.png 100w, https:\/\/www.ultra-filter.be\/wp-content\/uploads\/2020\/07\/ultradry-50-150x150.png 150w, https:\/\/www.ultra-filter.be\/wp-content\/uploads\/2020\/07\/ultradry-50-200x200.png 200w, https:\/\/www.ultra-filter.be\/wp-content\/uploads\/2020\/07\/ultradry-50-300x300.png 300w, https:\/\/www.ultra-filter.be\/wp-content\/uploads\/2020\/07\/ultradry-50-400x400.png 400w, https:\/\/www.ultra-filter.be\/wp-content\/uploads\/2020\/07\/ultradry-50-500x500.png 500w, https:\/\/www.ultra-filter.be\/wp-content\/uploads\/2020\/07\/ultradry-50-600x600.png 600w, https:\/\/www.ultra-filter.be\/wp-content\/uploads\/2020\/07\/ultradry-50-700x700.png 700w, https:\/\/www.ultra-filter.be\/wp-content\/uploads\/2020\/07\/ultradry-50-768x768.png 768w, https:\/\/www.ultra-filter.be\/wp-content\/uploads\/2020\/07\/ultradry-50.png 800w\" sizes=\"(max-width: 500px) 100vw, 500px\" \/><div class=\"cart-loading\"><i class=\"awb-icon-spinner\" aria-hidden=\"true\"><\/i><\/div>\t\t\t<\/a>\n\t\t\t\t\t\t\t<\/div>\n<\/div>\n<div class=\"fusion-product-content\">\n\t<div class=\"product-details\">\n\t\t<div class=\"product-details-container\">\n<h3 class=\"product-title\">\n\t<a href=\"https:\/\/www.ultra-filter.be\/es\/products\/secado-al-aire\/secadores-frigorificos\/ultra-dry-ud-60-hz\/\">\n\t\tUltra.dry UD 60Hz\t<\/a>\n<\/h3>\n<div class=\"fusion-price-rating\">\n\n\t\t<\/div>\n\t<\/div>\n<\/div>\n\n\t<\/div> \n\n\n<\/div>\n<\/li>\n<li class=\"product type-product post-11784 status-publish last instock product_cat-secado-al-aire product_cat-secadores-frigorificos product_tag-ficha-tecnica has-post-thumbnail taxable shipping-taxable product-type-simple product-grid-view\">\n\t<div class=\"fusion-product-wrapper\">\n\n<div class=\"fusion-clean-product-image-wrapper \">\n\t<div  class=\"fusion-image-wrapper fusion-image-size-fixed\" aria-haspopup=\"true\">\n\t\t\t\t\t\t\t<a href=\"https:\/\/www.ultra-filter.be\/es\/products\/secado-al-aire\/secadores-frigorificos\/ultra-dry-uda-udw\/\" aria-label=\"Ultra.dry UDA-UDW\">\n\t\t\t\t\t\t\t<img decoding=\"async\" width=\"500\" height=\"500\" src=\"https:\/\/www.ultra-filter.be\/wp-content\/uploads\/2020\/07\/ultradry-uda-udw-500x500.png\" class=\"attachment-woocommerce_thumbnail size-woocommerce_thumbnail wp-post-image\" alt=\"\" srcset=\"https:\/\/www.ultra-filter.be\/wp-content\/uploads\/2020\/07\/ultradry-uda-udw-66x66.png 66w, https:\/\/www.ultra-filter.be\/wp-content\/uploads\/2020\/07\/ultradry-uda-udw-100x100.png 100w, https:\/\/www.ultra-filter.be\/wp-content\/uploads\/2020\/07\/ultradry-uda-udw-150x150.png 150w, https:\/\/www.ultra-filter.be\/wp-content\/uploads\/2020\/07\/ultradry-uda-udw-200x200.png 200w, https:\/\/www.ultra-filter.be\/wp-content\/uploads\/2020\/07\/ultradry-uda-udw-300x300.png 300w, https:\/\/www.ultra-filter.be\/wp-content\/uploads\/2020\/07\/ultradry-uda-udw-400x400.png 400w, https:\/\/www.ultra-filter.be\/wp-content\/uploads\/2020\/07\/ultradry-uda-udw-500x500.png 500w, https:\/\/www.ultra-filter.be\/wp-content\/uploads\/2020\/07\/ultradry-uda-udw-600x600.png 600w, https:\/\/www.ultra-filter.be\/wp-content\/uploads\/2020\/07\/ultradry-uda-udw-700x700.png 700w, https:\/\/www.ultra-filter.be\/wp-content\/uploads\/2020\/07\/ultradry-uda-udw-768x768.png 768w, https:\/\/www.ultra-filter.be\/wp-content\/uploads\/2020\/07\/ultradry-uda-udw.png 800w\" sizes=\"(max-width: 500px) 100vw, 500px\" \/><div class=\"cart-loading\"><i class=\"awb-icon-spinner\" aria-hidden=\"true\"><\/i><\/div>\t\t\t<\/a>\n\t\t\t\t\t\t\t<\/div>\n<\/div>\n<div class=\"fusion-product-content\">\n\t<div class=\"product-details\">\n\t\t<div class=\"product-details-container\">\n<h3 class=\"product-title\">\n\t<a href=\"https:\/\/www.ultra-filter.be\/es\/products\/secado-al-aire\/secadores-frigorificos\/ultra-dry-uda-udw\/\">\n\t\tUltra.dry UDA-UDW\t<\/a>\n<\/h3>\n<div class=\"fusion-price-rating\">\n\n\t\t<\/div>\n\t<\/div>\n<\/div>\n\n\t<\/div> \n\n\n<\/div>\n<\/li>\n<\/ul>\n<\/div><div class=\"fusion-sep-clear\"><\/div><div class=\"fusion-separator fusion-full-width-sep\" style=\"margin-left: auto;margin-right: auto;margin-top:20px;width:100%;max-width:100%;\"><\/div><div class=\"fusion-sep-clear\"><\/div><div class=\"fusion-title title fusion-title-3 fusion-sep-none fusion-title-text fusion-title-size-two\" style=\"--awb-margin-top-small:0px;--awb-margin-right-small:0px;--awb-margin-bottom-small:20px;--awb-margin-left-small:0px;\" id=\"cold-regenerated-adsorption-dryers\"><h2 class=\"fusion-title-heading title-heading-left fusion-responsive-typography-calculated\" style=\"margin:0;--fontSize:32;line-height:1.4;\">Secadores de adsorci\u00f3n regenerados en fr\u00edo<\/h2><\/div><div class=\"woocommerce columns-3 \"><ul class=\"products clearfix products-3\">\n<li class=\"product type-product post-11783 status-publish first instock product_cat-secado-al-aire product_cat-secadores-de-adsorcion-regenerados-en-frio product_tag-ficha-tecnica has-post-thumbnail taxable shipping-taxable product-type-simple product-grid-view\">\n\t<div class=\"fusion-product-wrapper\">\n\n<div class=\"fusion-clean-product-image-wrapper \">\n\t<div  class=\"fusion-image-wrapper fusion-image-size-fixed\" aria-haspopup=\"true\">\n\t\t\t\t\t\t\t<a href=\"https:\/\/www.ultra-filter.be\/es\/products\/secado-al-aire\/secadores-de-adsorcion-regenerados-en-frio\/ultra-dry-compact-udc\/\" aria-label=\"Ultra.dry compact UDC\">\n\t\t\t\t\t\t\t<img decoding=\"async\" width=\"500\" height=\"500\" src=\"https:\/\/www.ultra-filter.be\/wp-content\/uploads\/2020\/07\/ultradry-compact-udc-500x500.png\" class=\"attachment-woocommerce_thumbnail size-woocommerce_thumbnail wp-post-image\" alt=\"\" srcset=\"https:\/\/www.ultra-filter.be\/wp-content\/uploads\/2020\/07\/ultradry-compact-udc-66x66.png 66w, https:\/\/www.ultra-filter.be\/wp-content\/uploads\/2020\/07\/ultradry-compact-udc-100x100.png 100w, https:\/\/www.ultra-filter.be\/wp-content\/uploads\/2020\/07\/ultradry-compact-udc-150x150.png 150w, https:\/\/www.ultra-filter.be\/wp-content\/uploads\/2020\/07\/ultradry-compact-udc-200x200.png 200w, https:\/\/www.ultra-filter.be\/wp-content\/uploads\/2020\/07\/ultradry-compact-udc-300x300.png 300w, https:\/\/www.ultra-filter.be\/wp-content\/uploads\/2020\/07\/ultradry-compact-udc-400x400.png 400w, https:\/\/www.ultra-filter.be\/wp-content\/uploads\/2020\/07\/ultradry-compact-udc-500x500.png 500w, https:\/\/www.ultra-filter.be\/wp-content\/uploads\/2020\/07\/ultradry-compact-udc-600x600.png 600w, https:\/\/www.ultra-filter.be\/wp-content\/uploads\/2020\/07\/ultradry-compact-udc-700x700.png 700w, https:\/\/www.ultra-filter.be\/wp-content\/uploads\/2020\/07\/ultradry-compact-udc-768x768.png 768w, https:\/\/www.ultra-filter.be\/wp-content\/uploads\/2020\/07\/ultradry-compact-udc.png 800w\" sizes=\"(max-width: 500px) 100vw, 500px\" \/><div class=\"cart-loading\"><i class=\"awb-icon-spinner\" aria-hidden=\"true\"><\/i><\/div>\t\t\t<\/a>\n\t\t\t\t\t\t\t<\/div>\n<\/div>\n<div class=\"fusion-product-content\">\n\t<div class=\"product-details\">\n\t\t<div class=\"product-details-container\">\n<h3 class=\"product-title\">\n\t<a href=\"https:\/\/www.ultra-filter.be\/es\/products\/secado-al-aire\/secadores-de-adsorcion-regenerados-en-frio\/ultra-dry-compact-udc\/\">\n\t\tUltra.dry compact UDC\t<\/a>\n<\/h3>\n<div class=\"fusion-price-rating\">\n\n\t\t<\/div>\n\t<\/div>\n<\/div>\n\n\t<\/div> \n\n\n<\/div>\n<\/li>\n<li class=\"product type-product post-11782 status-publish instock product_cat-secado-al-aire product_cat-secadores-de-adsorcion-regenerados-en-frio product_tag-ficha-tecnica has-post-thumbnail taxable shipping-taxable product-type-simple product-grid-view\">\n\t<div class=\"fusion-product-wrapper\">\n\n<div class=\"fusion-clean-product-image-wrapper \">\n\t<div  class=\"fusion-image-wrapper fusion-image-size-fixed\" aria-haspopup=\"true\">\n\t\t\t\t\t\t\t<a href=\"https:\/\/www.ultra-filter.be\/es\/products\/secado-al-aire\/secadores-de-adsorcion-regenerados-en-frio\/heatless-hl\/\" aria-label=\"Heatless HL\">\n\t\t\t\t\t\t\t<img decoding=\"async\" width=\"500\" height=\"500\" src=\"https:\/\/www.ultra-filter.be\/wp-content\/uploads\/2020\/07\/heatless-hl-500x500.png\" class=\"attachment-woocommerce_thumbnail size-woocommerce_thumbnail wp-post-image\" alt=\"\" srcset=\"https:\/\/www.ultra-filter.be\/wp-content\/uploads\/2020\/07\/heatless-hl-66x66.png 66w, https:\/\/www.ultra-filter.be\/wp-content\/uploads\/2020\/07\/heatless-hl-100x100.png 100w, https:\/\/www.ultra-filter.be\/wp-content\/uploads\/2020\/07\/heatless-hl-150x150.png 150w, https:\/\/www.ultra-filter.be\/wp-content\/uploads\/2020\/07\/heatless-hl-200x200.png 200w, https:\/\/www.ultra-filter.be\/wp-content\/uploads\/2020\/07\/heatless-hl-300x300.png 300w, https:\/\/www.ultra-filter.be\/wp-content\/uploads\/2020\/07\/heatless-hl-400x400.png 400w, https:\/\/www.ultra-filter.be\/wp-content\/uploads\/2020\/07\/heatless-hl-500x500.png 500w, https:\/\/www.ultra-filter.be\/wp-content\/uploads\/2020\/07\/heatless-hl-600x600.png 600w, https:\/\/www.ultra-filter.be\/wp-content\/uploads\/2020\/07\/heatless-hl-700x700.png 700w, https:\/\/www.ultra-filter.be\/wp-content\/uploads\/2020\/07\/heatless-hl-768x768.png 768w, https:\/\/www.ultra-filter.be\/wp-content\/uploads\/2020\/07\/heatless-hl.png 800w\" sizes=\"(max-width: 500px) 100vw, 500px\" \/><div class=\"cart-loading\"><i class=\"awb-icon-spinner\" aria-hidden=\"true\"><\/i><\/div>\t\t\t<\/a>\n\t\t\t\t\t\t\t<\/div>\n<\/div>\n<div class=\"fusion-product-content\">\n\t<div class=\"product-details\">\n\t\t<div class=\"product-details-container\">\n<h3 class=\"product-title\">\n\t<a href=\"https:\/\/www.ultra-filter.be\/es\/products\/secado-al-aire\/secadores-de-adsorcion-regenerados-en-frio\/heatless-hl\/\">\n\t\tHeatless HL\t<\/a>\n<\/h3>\n<div class=\"fusion-price-rating\">\n\n\t\t<\/div>\n\t<\/div>\n<\/div>\n\n\t<\/div> \n\n\n<\/div>\n<\/li>\n<li class=\"product type-product post-11781 status-publish last instock product_cat-secado-al-aire product_cat-secadores-de-adsorcion-regenerados-en-frio product_tag-ficha-tecnica has-post-thumbnail taxable shipping-taxable product-type-simple product-grid-view\">\n\t<div class=\"fusion-product-wrapper\">\n\n<div class=\"fusion-clean-product-image-wrapper \">\n\t<div  class=\"fusion-image-wrapper fusion-image-size-fixed\" aria-haspopup=\"true\">\n\t\t\t\t\t\t\t<a href=\"https:\/\/www.ultra-filter.be\/es\/products\/secado-al-aire\/secadores-de-adsorcion-regenerados-en-frio\/heatless-hl-cabinet\/\" aria-label=\"Heatless HL cabinet\">\n\t\t\t\t\t\t\t<img decoding=\"async\" width=\"500\" height=\"500\" src=\"https:\/\/www.ultra-filter.be\/wp-content\/uploads\/2020\/07\/heatless-hl-cabinet-500x500.png\" class=\"attachment-woocommerce_thumbnail size-woocommerce_thumbnail wp-post-image\" alt=\"\" srcset=\"https:\/\/www.ultra-filter.be\/wp-content\/uploads\/2020\/07\/heatless-hl-cabinet-66x66.png 66w, https:\/\/www.ultra-filter.be\/wp-content\/uploads\/2020\/07\/heatless-hl-cabinet-100x100.png 100w, https:\/\/www.ultra-filter.be\/wp-content\/uploads\/2020\/07\/heatless-hl-cabinet-150x150.png 150w, https:\/\/www.ultra-filter.be\/wp-content\/uploads\/2020\/07\/heatless-hl-cabinet-200x200.png 200w, https:\/\/www.ultra-filter.be\/wp-content\/uploads\/2020\/07\/heatless-hl-cabinet-300x300.png 300w, https:\/\/www.ultra-filter.be\/wp-content\/uploads\/2020\/07\/heatless-hl-cabinet-400x400.png 400w, https:\/\/www.ultra-filter.be\/wp-content\/uploads\/2020\/07\/heatless-hl-cabinet-500x500.png 500w, https:\/\/www.ultra-filter.be\/wp-content\/uploads\/2020\/07\/heatless-hl-cabinet-600x600.png 600w, https:\/\/www.ultra-filter.be\/wp-content\/uploads\/2020\/07\/heatless-hl-cabinet-700x700.png 700w, https:\/\/www.ultra-filter.be\/wp-content\/uploads\/2020\/07\/heatless-hl-cabinet-768x768.png 768w, https:\/\/www.ultra-filter.be\/wp-content\/uploads\/2020\/07\/heatless-hl-cabinet.png 800w\" sizes=\"(max-width: 500px) 100vw, 500px\" \/><div class=\"cart-loading\"><i class=\"awb-icon-spinner\" aria-hidden=\"true\"><\/i><\/div>\t\t\t<\/a>\n\t\t\t\t\t\t\t<\/div>\n<\/div>\n<div class=\"fusion-product-content\">\n\t<div class=\"product-details\">\n\t\t<div class=\"product-details-container\">\n<h3 class=\"product-title\">\n\t<a href=\"https:\/\/www.ultra-filter.be\/es\/products\/secado-al-aire\/secadores-de-adsorcion-regenerados-en-frio\/heatless-hl-cabinet\/\">\n\t\tHeatless HL cabinet\t<\/a>\n<\/h3>\n<div class=\"fusion-price-rating\">\n\n\t\t<\/div>\n\t<\/div>\n<\/div>\n\n\t<\/div> \n\n\n<\/div>\n<\/li>\n<li class=\"product type-product post-11780 status-publish first instock product_cat-secado-al-aire product_cat-secadores-de-adsorcion-regenerados-en-frio product_tag-ficha-tecnica has-post-thumbnail taxable shipping-taxable product-type-simple product-grid-view\">\n\t<div class=\"fusion-product-wrapper\">\n\n<div class=\"fusion-clean-product-image-wrapper \">\n\t<div  class=\"fusion-image-wrapper fusion-image-size-fixed\" aria-haspopup=\"true\">\n\t\t\t\t\t\t\t<a href=\"https:\/\/www.ultra-filter.be\/es\/products\/secado-al-aire\/secadores-de-adsorcion-regenerados-en-frio\/heatless-hl-maxi\/\" aria-label=\"Heatless HL Maxi\">\n\t\t\t\t\t\t\t<img decoding=\"async\" width=\"500\" height=\"500\" src=\"https:\/\/www.ultra-filter.be\/wp-content\/uploads\/2020\/07\/healtess-hl-maxi-500x500.png\" class=\"attachment-woocommerce_thumbnail size-woocommerce_thumbnail wp-post-image\" alt=\"\" srcset=\"https:\/\/www.ultra-filter.be\/wp-content\/uploads\/2020\/07\/healtess-hl-maxi-66x66.png 66w, https:\/\/www.ultra-filter.be\/wp-content\/uploads\/2020\/07\/healtess-hl-maxi-100x100.png 100w, https:\/\/www.ultra-filter.be\/wp-content\/uploads\/2020\/07\/healtess-hl-maxi-150x150.png 150w, https:\/\/www.ultra-filter.be\/wp-content\/uploads\/2020\/07\/healtess-hl-maxi-200x200.png 200w, https:\/\/www.ultra-filter.be\/wp-content\/uploads\/2020\/07\/healtess-hl-maxi-300x300.png 300w, https:\/\/www.ultra-filter.be\/wp-content\/uploads\/2020\/07\/healtess-hl-maxi-400x400.png 400w, https:\/\/www.ultra-filter.be\/wp-content\/uploads\/2020\/07\/healtess-hl-maxi-500x500.png 500w, https:\/\/www.ultra-filter.be\/wp-content\/uploads\/2020\/07\/healtess-hl-maxi-600x600.png 600w, https:\/\/www.ultra-filter.be\/wp-content\/uploads\/2020\/07\/healtess-hl-maxi-700x700.png 700w, https:\/\/www.ultra-filter.be\/wp-content\/uploads\/2020\/07\/healtess-hl-maxi-768x768.png 768w, https:\/\/www.ultra-filter.be\/wp-content\/uploads\/2020\/07\/healtess-hl-maxi.png 800w\" sizes=\"(max-width: 500px) 100vw, 500px\" \/><div class=\"cart-loading\"><i class=\"awb-icon-spinner\" aria-hidden=\"true\"><\/i><\/div>\t\t\t<\/a>\n\t\t\t\t\t\t\t<\/div>\n<\/div>\n<div class=\"fusion-product-content\">\n\t<div class=\"product-details\">\n\t\t<div class=\"product-details-container\">\n<h3 class=\"product-title\">\n\t<a href=\"https:\/\/www.ultra-filter.be\/es\/products\/secado-al-aire\/secadores-de-adsorcion-regenerados-en-frio\/heatless-hl-maxi\/\">\n\t\tHeatless HL Maxi\t<\/a>\n<\/h3>\n<div class=\"fusion-price-rating\">\n\n\t\t<\/div>\n\t<\/div>\n<\/div>\n\n\t<\/div> \n\n\n<\/div>\n<\/li>\n<li class=\"product type-product post-11779 status-publish instock product_cat-secado-al-aire product_cat-secadores-de-adsorcion-regenerados-en-frio product_tag-ficha-tecnica has-post-thumbnail taxable shipping-taxable product-type-simple product-grid-view\">\n\t<div class=\"fusion-product-wrapper\">\n\n<div class=\"fusion-clean-product-image-wrapper \">\n\t<div  class=\"fusion-image-wrapper fusion-image-size-fixed\" aria-haspopup=\"true\">\n\t\t\t\t\t\t\t<a href=\"https:\/\/www.ultra-filter.be\/es\/products\/secado-al-aire\/secadores-de-adsorcion-regenerados-en-frio\/ofa\/\" aria-label=\"OFA\">\n\t\t\t\t\t\t\t<img decoding=\"async\" width=\"500\" height=\"500\" src=\"https:\/\/www.ultra-filter.be\/wp-content\/uploads\/2020\/07\/ofa-500x500.png\" class=\"attachment-woocommerce_thumbnail size-woocommerce_thumbnail wp-post-image\" alt=\"\" srcset=\"https:\/\/www.ultra-filter.be\/wp-content\/uploads\/2020\/07\/ofa-66x66.png 66w, https:\/\/www.ultra-filter.be\/wp-content\/uploads\/2020\/07\/ofa-100x100.png 100w, https:\/\/www.ultra-filter.be\/wp-content\/uploads\/2020\/07\/ofa-150x150.png 150w, https:\/\/www.ultra-filter.be\/wp-content\/uploads\/2020\/07\/ofa-200x200.png 200w, https:\/\/www.ultra-filter.be\/wp-content\/uploads\/2020\/07\/ofa-300x300.png 300w, https:\/\/www.ultra-filter.be\/wp-content\/uploads\/2020\/07\/ofa-400x400.png 400w, https:\/\/www.ultra-filter.be\/wp-content\/uploads\/2020\/07\/ofa-500x500.png 500w, https:\/\/www.ultra-filter.be\/wp-content\/uploads\/2020\/07\/ofa-600x600.png 600w, https:\/\/www.ultra-filter.be\/wp-content\/uploads\/2020\/07\/ofa-700x700.png 700w, https:\/\/www.ultra-filter.be\/wp-content\/uploads\/2020\/07\/ofa-768x768.png 768w, https:\/\/www.ultra-filter.be\/wp-content\/uploads\/2020\/07\/ofa.png 800w\" sizes=\"(max-width: 500px) 100vw, 500px\" \/><div class=\"cart-loading\"><i class=\"awb-icon-spinner\" aria-hidden=\"true\"><\/i><\/div>\t\t\t<\/a>\n\t\t\t\t\t\t\t<\/div>\n<\/div>\n<div class=\"fusion-product-content\">\n\t<div class=\"product-details\">\n\t\t<div class=\"product-details-container\">\n<h3 class=\"product-title\">\n\t<a href=\"https:\/\/www.ultra-filter.be\/es\/products\/secado-al-aire\/secadores-de-adsorcion-regenerados-en-frio\/ofa\/\">\n\t\tOFA\t<\/a>\n<\/h3>\n<div class=\"fusion-price-rating\">\n\n\t\t<\/div>\n\t<\/div>\n<\/div>\n\n\t<\/div> \n\n\n<\/div>\n<\/li>\n<li class=\"product type-product post-11778 status-publish last instock product_cat-secado-al-aire product_cat-secadores-de-adsorcion-regenerados-en-frio product_tag-ficha-tecnica has-post-thumbnail taxable shipping-taxable product-type-simple product-grid-view\">\n\t<div class=\"fusion-product-wrapper\">\n\n<div class=\"fusion-clean-product-image-wrapper \">\n\t<div  class=\"fusion-image-wrapper fusion-image-size-fixed\" aria-haspopup=\"true\">\n\t\t\t\t\t\t\t<a href=\"https:\/\/www.ultra-filter.be\/es\/products\/secado-al-aire\/secadores-de-adsorcion-regenerados-en-frio\/alg\/\" aria-label=\"ALG\">\n\t\t\t\t\t\t\t<img decoding=\"async\" width=\"500\" height=\"500\" src=\"https:\/\/www.ultra-filter.be\/wp-content\/uploads\/2020\/07\/alg-500x500.png\" class=\"attachment-woocommerce_thumbnail size-woocommerce_thumbnail wp-post-image\" alt=\"\" srcset=\"https:\/\/www.ultra-filter.be\/wp-content\/uploads\/2020\/07\/alg-66x66.png 66w, https:\/\/www.ultra-filter.be\/wp-content\/uploads\/2020\/07\/alg-100x100.png 100w, https:\/\/www.ultra-filter.be\/wp-content\/uploads\/2020\/07\/alg-150x150.png 150w, https:\/\/www.ultra-filter.be\/wp-content\/uploads\/2020\/07\/alg-200x200.png 200w, https:\/\/www.ultra-filter.be\/wp-content\/uploads\/2020\/07\/alg-300x300.png 300w, https:\/\/www.ultra-filter.be\/wp-content\/uploads\/2020\/07\/alg-400x400.png 400w, https:\/\/www.ultra-filter.be\/wp-content\/uploads\/2020\/07\/alg-500x500.png 500w, https:\/\/www.ultra-filter.be\/wp-content\/uploads\/2020\/07\/alg-600x600.png 600w, https:\/\/www.ultra-filter.be\/wp-content\/uploads\/2020\/07\/alg-700x700.png 700w, https:\/\/www.ultra-filter.be\/wp-content\/uploads\/2020\/07\/alg-768x768.png 768w, https:\/\/www.ultra-filter.be\/wp-content\/uploads\/2020\/07\/alg.png 800w\" sizes=\"(max-width: 500px) 100vw, 500px\" \/><div class=\"cart-loading\"><i class=\"awb-icon-spinner\" aria-hidden=\"true\"><\/i><\/div>\t\t\t<\/a>\n\t\t\t\t\t\t\t<\/div>\n<\/div>\n<div class=\"fusion-product-content\">\n\t<div class=\"product-details\">\n\t\t<div class=\"product-details-container\">\n<h3 class=\"product-title\">\n\t<a href=\"https:\/\/www.ultra-filter.be\/es\/products\/secado-al-aire\/secadores-de-adsorcion-regenerados-en-frio\/alg\/\">\n\t\tALG\t<\/a>\n<\/h3>\n<div class=\"fusion-price-rating\">\n\n\t\t<\/div>\n\t<\/div>\n<\/div>\n\n\t<\/div> \n\n\n<\/div>\n<\/li>\n<li class=\"product type-product post-11777 status-publish first instock product_cat-secado-al-aire product_cat-secadores-de-adsorcion-regenerados-en-frio product_tag-ficha-tecnica has-post-thumbnail taxable shipping-taxable product-type-simple product-grid-view\">\n\t<div class=\"fusion-product-wrapper\">\n\n<div class=\"fusion-clean-product-image-wrapper \">\n\t<div  class=\"fusion-image-wrapper fusion-image-size-fixed\" aria-haspopup=\"true\">\n\t\t\t\t\t\t\t<a href=\"https:\/\/www.ultra-filter.be\/es\/products\/secado-al-aire\/secadores-de-adsorcion-regenerados-en-frio\/akc\/\" aria-label=\"AKC\">\n\t\t\t\t\t\t\t<img decoding=\"async\" width=\"500\" height=\"500\" src=\"https:\/\/www.ultra-filter.be\/wp-content\/uploads\/2020\/07\/akc-500x500.png\" class=\"attachment-woocommerce_thumbnail size-woocommerce_thumbnail wp-post-image\" alt=\"\" srcset=\"https:\/\/www.ultra-filter.be\/wp-content\/uploads\/2020\/07\/akc-66x66.png 66w, https:\/\/www.ultra-filter.be\/wp-content\/uploads\/2020\/07\/akc-100x100.png 100w, https:\/\/www.ultra-filter.be\/wp-content\/uploads\/2020\/07\/akc-150x150.png 150w, https:\/\/www.ultra-filter.be\/wp-content\/uploads\/2020\/07\/akc-200x200.png 200w, https:\/\/www.ultra-filter.be\/wp-content\/uploads\/2020\/07\/akc-300x300.png 300w, https:\/\/www.ultra-filter.be\/wp-content\/uploads\/2020\/07\/akc-400x400.png 400w, https:\/\/www.ultra-filter.be\/wp-content\/uploads\/2020\/07\/akc-500x500.png 500w, https:\/\/www.ultra-filter.be\/wp-content\/uploads\/2020\/07\/akc-600x600.png 600w, https:\/\/www.ultra-filter.be\/wp-content\/uploads\/2020\/07\/akc-700x700.png 700w, https:\/\/www.ultra-filter.be\/wp-content\/uploads\/2020\/07\/akc-768x768.png 768w, https:\/\/www.ultra-filter.be\/wp-content\/uploads\/2020\/07\/akc.png 800w\" sizes=\"(max-width: 500px) 100vw, 500px\" \/><div class=\"cart-loading\"><i class=\"awb-icon-spinner\" aria-hidden=\"true\"><\/i><\/div>\t\t\t<\/a>\n\t\t\t\t\t\t\t<\/div>\n<\/div>\n<div class=\"fusion-product-content\">\n\t<div class=\"product-details\">\n\t\t<div class=\"product-details-container\">\n<h3 class=\"product-title\">\n\t<a href=\"https:\/\/www.ultra-filter.be\/es\/products\/secado-al-aire\/secadores-de-adsorcion-regenerados-en-frio\/akc\/\">\n\t\tAKC\t<\/a>\n<\/h3>\n<div class=\"fusion-price-rating\">\n\n\t\t<\/div>\n\t<\/div>\n<\/div>\n\n\t<\/div> \n\n\n<\/div>\n<\/li>\n<li class=\"product type-product post-11776 status-publish instock product_cat-secado-al-aire product_cat-secadores-de-adsorcion-regenerados-en-frio product_tag-ficha-tecnica has-post-thumbnail taxable shipping-taxable product-type-simple product-grid-view\">\n\t<div class=\"fusion-product-wrapper\">\n\n<div class=\"fusion-clean-product-image-wrapper \">\n\t<div  class=\"fusion-image-wrapper fusion-image-size-fixed\" aria-haspopup=\"true\">\n\t\t\t\t\t\t\t<a href=\"https:\/\/www.ultra-filter.be\/es\/products\/secado-al-aire\/secadores-de-adsorcion-regenerados-en-frio\/hlp-pn40-sin-calor\/\" aria-label=\"Heatless HLP PN40\">\n\t\t\t\t\t\t\t<img decoding=\"async\" width=\"500\" height=\"500\" src=\"https:\/\/www.ultra-filter.be\/wp-content\/uploads\/2020\/07\/heatless-hlp-pn40-500x500.png\" class=\"attachment-woocommerce_thumbnail size-woocommerce_thumbnail wp-post-image\" alt=\"\" srcset=\"https:\/\/www.ultra-filter.be\/wp-content\/uploads\/2020\/07\/heatless-hlp-pn40-66x66.png 66w, https:\/\/www.ultra-filter.be\/wp-content\/uploads\/2020\/07\/heatless-hlp-pn40-100x100.png 100w, https:\/\/www.ultra-filter.be\/wp-content\/uploads\/2020\/07\/heatless-hlp-pn40-150x150.png 150w, https:\/\/www.ultra-filter.be\/wp-content\/uploads\/2020\/07\/heatless-hlp-pn40-200x200.png 200w, https:\/\/www.ultra-filter.be\/wp-content\/uploads\/2020\/07\/heatless-hlp-pn40-300x300.png 300w, https:\/\/www.ultra-filter.be\/wp-content\/uploads\/2020\/07\/heatless-hlp-pn40-400x400.png 400w, https:\/\/www.ultra-filter.be\/wp-content\/uploads\/2020\/07\/heatless-hlp-pn40-500x500.png 500w, https:\/\/www.ultra-filter.be\/wp-content\/uploads\/2020\/07\/heatless-hlp-pn40-600x600.png 600w, https:\/\/www.ultra-filter.be\/wp-content\/uploads\/2020\/07\/heatless-hlp-pn40-700x700.png 700w, https:\/\/www.ultra-filter.be\/wp-content\/uploads\/2020\/07\/heatless-hlp-pn40-768x768.png 768w, https:\/\/www.ultra-filter.be\/wp-content\/uploads\/2020\/07\/heatless-hlp-pn40.png 800w\" sizes=\"(max-width: 500px) 100vw, 500px\" \/><div class=\"cart-loading\"><i class=\"awb-icon-spinner\" aria-hidden=\"true\"><\/i><\/div>\t\t\t<\/a>\n\t\t\t\t\t\t\t<\/div>\n<\/div>\n<div class=\"fusion-product-content\">\n\t<div class=\"product-details\">\n\t\t<div class=\"product-details-container\">\n<h3 class=\"product-title\">\n\t<a href=\"https:\/\/www.ultra-filter.be\/es\/products\/secado-al-aire\/secadores-de-adsorcion-regenerados-en-frio\/hlp-pn40-sin-calor\/\">\n\t\tHeatless HLP PN40\t<\/a>\n<\/h3>\n<div class=\"fusion-price-rating\">\n\n\t\t<\/div>\n\t<\/div>\n<\/div>\n\n\t<\/div> \n\n\n<\/div>\n<\/li>\n<\/ul>\n<\/div><div class=\"fusion-sep-clear\"><\/div><div class=\"fusion-separator fusion-full-width-sep\" style=\"margin-left: auto;margin-right: auto;margin-top:20px;width:100%;max-width:100%;\"><\/div><div class=\"fusion-sep-clear\"><\/div><div class=\"fusion-title title fusion-title-4 fusion-sep-none fusion-title-text fusion-title-size-two\" style=\"--awb-margin-top-small:0px;--awb-margin-right-small:0px;--awb-margin-bottom-small:20px;--awb-margin-left-small:0px;\" id=\"heat-regenerated-adsorption-dryers\"><h2 class=\"fusion-title-heading title-heading-left fusion-responsive-typography-calculated\" style=\"margin:0;--fontSize:32;line-height:1.4;\">Secadores de adsorci\u00f3n regenerados por calor<\/h2><\/div><div class=\"woocommerce columns-3 \"><ul class=\"products clearfix products-3\">\n<li class=\"product type-product post-11775 status-publish first instock product_cat-secado-al-aire product_cat-secadores-de-adsorcion-regenerados-por-calor product_tag-ficha-tecnica has-post-thumbnail taxable shipping-taxable product-type-simple product-grid-view\">\n\t<div class=\"fusion-product-wrapper\">\n\n<div class=\"fusion-clean-product-image-wrapper \">\n\t<div  class=\"fusion-image-wrapper fusion-image-size-fixed\" aria-haspopup=\"true\">\n\t\t\t\t\t\t\t<a href=\"https:\/\/www.ultra-filter.be\/es\/products\/secado-al-aire\/secadores-de-adsorcion-regenerados-por-calor\/ultra-dry-hre\/\" aria-label=\"Ultra.dry HRE\">\n\t\t\t\t\t\t\t<img decoding=\"async\" width=\"500\" height=\"500\" src=\"https:\/\/www.ultra-filter.be\/wp-content\/uploads\/2020\/07\/ultradry-hre-500x500.png\" class=\"attachment-woocommerce_thumbnail size-woocommerce_thumbnail wp-post-image\" alt=\"\" srcset=\"https:\/\/www.ultra-filter.be\/wp-content\/uploads\/2020\/07\/ultradry-hre-66x66.png 66w, https:\/\/www.ultra-filter.be\/wp-content\/uploads\/2020\/07\/ultradry-hre-100x100.png 100w, https:\/\/www.ultra-filter.be\/wp-content\/uploads\/2020\/07\/ultradry-hre-150x150.png 150w, https:\/\/www.ultra-filter.be\/wp-content\/uploads\/2020\/07\/ultradry-hre-200x200.png 200w, https:\/\/www.ultra-filter.be\/wp-content\/uploads\/2020\/07\/ultradry-hre-300x300.png 300w, https:\/\/www.ultra-filter.be\/wp-content\/uploads\/2020\/07\/ultradry-hre-400x400.png 400w, https:\/\/www.ultra-filter.be\/wp-content\/uploads\/2020\/07\/ultradry-hre-500x500.png 500w, https:\/\/www.ultra-filter.be\/wp-content\/uploads\/2020\/07\/ultradry-hre-600x600.png 600w, https:\/\/www.ultra-filter.be\/wp-content\/uploads\/2020\/07\/ultradry-hre-700x700.png 700w, https:\/\/www.ultra-filter.be\/wp-content\/uploads\/2020\/07\/ultradry-hre-768x768.png 768w, https:\/\/www.ultra-filter.be\/wp-content\/uploads\/2020\/07\/ultradry-hre.png 800w\" sizes=\"(max-width: 500px) 100vw, 500px\" \/><div class=\"cart-loading\"><i class=\"awb-icon-spinner\" aria-hidden=\"true\"><\/i><\/div>\t\t\t<\/a>\n\t\t\t\t\t\t\t<\/div>\n<\/div>\n<div class=\"fusion-product-content\">\n\t<div class=\"product-details\">\n\t\t<div class=\"product-details-container\">\n<h3 class=\"product-title\">\n\t<a href=\"https:\/\/www.ultra-filter.be\/es\/products\/secado-al-aire\/secadores-de-adsorcion-regenerados-por-calor\/ultra-dry-hre\/\">\n\t\tUltra.dry HRE\t<\/a>\n<\/h3>\n<div class=\"fusion-price-rating\">\n\n\t\t<\/div>\n\t<\/div>\n<\/div>\n\n\t<\/div> \n\n\n<\/div>\n<\/li>\n<li class=\"product type-product post-11774 status-publish instock product_cat-secado-al-aire product_cat-secadores-de-adsorcion-regenerados-por-calor product_tag-ficha-tecnica has-post-thumbnail taxable shipping-taxable product-type-simple product-grid-view\">\n\t<div class=\"fusion-product-wrapper\">\n\n<div class=\"fusion-clean-product-image-wrapper \">\n\t<div  class=\"fusion-image-wrapper fusion-image-size-fixed\" aria-haspopup=\"true\">\n\t\t\t\t\t\t\t<a href=\"https:\/\/www.ultra-filter.be\/es\/products\/secado-al-aire\/secadores-de-adsorcion-regenerados-por-calor\/varioblo\/\" aria-label=\"VarioBlo\">\n\t\t\t\t\t\t\t<img decoding=\"async\" width=\"500\" height=\"500\" src=\"https:\/\/www.ultra-filter.be\/wp-content\/uploads\/2020\/07\/varioblo-500x500.png\" class=\"attachment-woocommerce_thumbnail size-woocommerce_thumbnail wp-post-image\" alt=\"\" srcset=\"https:\/\/www.ultra-filter.be\/wp-content\/uploads\/2020\/07\/varioblo-66x66.png 66w, https:\/\/www.ultra-filter.be\/wp-content\/uploads\/2020\/07\/varioblo-100x100.png 100w, https:\/\/www.ultra-filter.be\/wp-content\/uploads\/2020\/07\/varioblo-150x150.png 150w, https:\/\/www.ultra-filter.be\/wp-content\/uploads\/2020\/07\/varioblo-200x200.png 200w, https:\/\/www.ultra-filter.be\/wp-content\/uploads\/2020\/07\/varioblo-300x300.png 300w, https:\/\/www.ultra-filter.be\/wp-content\/uploads\/2020\/07\/varioblo-400x400.png 400w, https:\/\/www.ultra-filter.be\/wp-content\/uploads\/2020\/07\/varioblo-500x500.png 500w, https:\/\/www.ultra-filter.be\/wp-content\/uploads\/2020\/07\/varioblo-600x600.png 600w, https:\/\/www.ultra-filter.be\/wp-content\/uploads\/2020\/07\/varioblo-700x700.png 700w, https:\/\/www.ultra-filter.be\/wp-content\/uploads\/2020\/07\/varioblo-768x768.png 768w, https:\/\/www.ultra-filter.be\/wp-content\/uploads\/2020\/07\/varioblo.png 800w\" sizes=\"(max-width: 500px) 100vw, 500px\" \/><div class=\"cart-loading\"><i class=\"awb-icon-spinner\" aria-hidden=\"true\"><\/i><\/div>\t\t\t<\/a>\n\t\t\t\t\t\t\t<\/div>\n<\/div>\n<div class=\"fusion-product-content\">\n\t<div class=\"product-details\">\n\t\t<div class=\"product-details-container\">\n<h3 class=\"product-title\">\n\t<a href=\"https:\/\/www.ultra-filter.be\/es\/products\/secado-al-aire\/secadores-de-adsorcion-regenerados-por-calor\/varioblo\/\">\n\t\tVarioBlo\t<\/a>\n<\/h3>\n<div class=\"fusion-price-rating\">\n\n\t\t<\/div>\n\t<\/div>\n<\/div>\n\n\t<\/div> \n\n\n<\/div>\n<\/li>\n<li class=\"product type-product post-11771 status-publish last instock product_cat-secado-al-aire product_cat-secadores-de-adsorcion-regenerados-por-calor product_tag-ficha-tecnica has-post-thumbnail taxable shipping-taxable product-type-simple product-grid-view\">\n\t<div class=\"fusion-product-wrapper\">\n\n<div class=\"fusion-clean-product-image-wrapper \">\n\t<div  class=\"fusion-image-wrapper fusion-image-size-fixed\" aria-haspopup=\"true\">\n\t\t\t\t\t\t\t<a href=\"https:\/\/www.ultra-filter.be\/es\/products\/secado-al-aire\/secadores-de-adsorcion-regenerados-por-calor\/varioblo-loop\/\" aria-label=\"VarioBlo Loop\">\n\t\t\t\t\t\t\t<img decoding=\"async\" width=\"500\" height=\"500\" src=\"https:\/\/www.ultra-filter.be\/wp-content\/uploads\/2020\/07\/varioblo-500x500.png\" class=\"attachment-woocommerce_thumbnail size-woocommerce_thumbnail wp-post-image\" alt=\"\" srcset=\"https:\/\/www.ultra-filter.be\/wp-content\/uploads\/2020\/07\/varioblo-66x66.png 66w, https:\/\/www.ultra-filter.be\/wp-content\/uploads\/2020\/07\/varioblo-100x100.png 100w, https:\/\/www.ultra-filter.be\/wp-content\/uploads\/2020\/07\/varioblo-150x150.png 150w, https:\/\/www.ultra-filter.be\/wp-content\/uploads\/2020\/07\/varioblo-200x200.png 200w, https:\/\/www.ultra-filter.be\/wp-content\/uploads\/2020\/07\/varioblo-300x300.png 300w, https:\/\/www.ultra-filter.be\/wp-content\/uploads\/2020\/07\/varioblo-400x400.png 400w, https:\/\/www.ultra-filter.be\/wp-content\/uploads\/2020\/07\/varioblo-500x500.png 500w, https:\/\/www.ultra-filter.be\/wp-content\/uploads\/2020\/07\/varioblo-600x600.png 600w, https:\/\/www.ultra-filter.be\/wp-content\/uploads\/2020\/07\/varioblo-700x700.png 700w, https:\/\/www.ultra-filter.be\/wp-content\/uploads\/2020\/07\/varioblo-768x768.png 768w, https:\/\/www.ultra-filter.be\/wp-content\/uploads\/2020\/07\/varioblo.png 800w\" sizes=\"(max-width: 500px) 100vw, 500px\" \/><div class=\"cart-loading\"><i class=\"awb-icon-spinner\" aria-hidden=\"true\"><\/i><\/div>\t\t\t<\/a>\n\t\t\t\t\t\t\t<\/div>\n<\/div>\n<div class=\"fusion-product-content\">\n\t<div class=\"product-details\">\n\t\t<div class=\"product-details-container\">\n<h3 class=\"product-title\">\n\t<a href=\"https:\/\/www.ultra-filter.be\/es\/products\/secado-al-aire\/secadores-de-adsorcion-regenerados-por-calor\/varioblo-loop\/\">\n\t\tVarioBlo Loop\t<\/a>\n<\/h3>\n<div class=\"fusion-price-rating\">\n\n\t\t<\/div>\n\t<\/div>\n<\/div>\n\n\t<\/div> \n\n\n<\/div>\n<\/li>\n<li class=\"product type-product post-11770 status-publish first instock product_cat-secado-al-aire product_cat-secadores-de-adsorcion-regenerados-por-calor has-post-thumbnail taxable shipping-taxable product-type-simple product-grid-view\">\n\t<div class=\"fusion-product-wrapper\">\n\n<div class=\"fusion-clean-product-image-wrapper \">\n\t<div  class=\"fusion-image-wrapper fusion-image-size-fixed\" aria-haspopup=\"true\">\n\t\t\t\t\t\t\t<a href=\"https:\/\/www.ultra-filter.be\/es\/products\/secado-al-aire\/secadores-de-adsorcion-regenerados-por-calor\/compheat\/\" aria-label=\"CompHeat\">\n\t\t\t\t\t\t\t<img decoding=\"async\" width=\"500\" height=\"500\" src=\"https:\/\/www.ultra-filter.be\/wp-content\/uploads\/2020\/07\/compheat-500x500.png\" class=\"attachment-woocommerce_thumbnail size-woocommerce_thumbnail wp-post-image\" alt=\"\" srcset=\"https:\/\/www.ultra-filter.be\/wp-content\/uploads\/2020\/07\/compheat-66x66.png 66w, https:\/\/www.ultra-filter.be\/wp-content\/uploads\/2020\/07\/compheat-100x100.png 100w, https:\/\/www.ultra-filter.be\/wp-content\/uploads\/2020\/07\/compheat-150x150.png 150w, https:\/\/www.ultra-filter.be\/wp-content\/uploads\/2020\/07\/compheat-200x200.png 200w, https:\/\/www.ultra-filter.be\/wp-content\/uploads\/2020\/07\/compheat-300x300.png 300w, https:\/\/www.ultra-filter.be\/wp-content\/uploads\/2020\/07\/compheat-400x400.png 400w, https:\/\/www.ultra-filter.be\/wp-content\/uploads\/2020\/07\/compheat-500x500.png 500w, https:\/\/www.ultra-filter.be\/wp-content\/uploads\/2020\/07\/compheat-600x600.png 600w, https:\/\/www.ultra-filter.be\/wp-content\/uploads\/2020\/07\/compheat-700x700.png 700w, https:\/\/www.ultra-filter.be\/wp-content\/uploads\/2020\/07\/compheat-768x768.png 768w, https:\/\/www.ultra-filter.be\/wp-content\/uploads\/2020\/07\/compheat.png 800w\" sizes=\"(max-width: 500px) 100vw, 500px\" \/><div class=\"cart-loading\"><i class=\"awb-icon-spinner\" aria-hidden=\"true\"><\/i><\/div>\t\t\t<\/a>\n\t\t\t\t\t\t\t<\/div>\n<\/div>\n<div class=\"fusion-product-content\">\n\t<div class=\"product-details\">\n\t\t<div class=\"product-details-container\">\n<h3 class=\"product-title\">\n\t<a href=\"https:\/\/www.ultra-filter.be\/es\/products\/secado-al-aire\/secadores-de-adsorcion-regenerados-por-calor\/compheat\/\">\n\t\tCompHeat\t<\/a>\n<\/h3>\n<div class=\"fusion-price-rating\">\n\n\t\t<\/div>\n\t<\/div>\n<\/div>\n\n\t<\/div> \n\n\n<\/div>\n<\/li>\n<\/ul>\n<\/div><div class=\"fusion-sep-clear\"><\/div><div class=\"fusion-separator fusion-full-width-sep\" style=\"margin-left: auto;margin-right: auto;margin-top:20px;width:100%;max-width:100%;\"><\/div><div class=\"fusion-sep-clear\"><\/div><div class=\"fusion-title title fusion-title-5 fusion-sep-none fusion-title-text fusion-title-size-two\" style=\"--awb-margin-top-small:0px;--awb-margin-right-small:0px;--awb-margin-bottom-small:20px;--awb-margin-left-small:0px;\" id=\"industrial-process-filters\"><h2 class=\"fusion-title-heading title-heading-left fusion-responsive-typography-calculated\" style=\"margin:0;--fontSize:32;line-height:1.4;\">Secador de membrana<\/h2><\/div><div class=\"woocommerce columns-3 \"><ul class=\"products clearfix products-3\">\n<li class=\"product type-product post-11769 status-publish first instock product_cat-secado-al-aire product_cat-secador-de-membrana product_tag-ficha-tecnica has-post-thumbnail taxable shipping-taxable product-type-simple product-grid-view\">\n\t<div class=\"fusion-product-wrapper\">\n\n<div class=\"fusion-clean-product-image-wrapper \">\n\t<div  class=\"fusion-image-wrapper fusion-image-size-fixed\" aria-haspopup=\"true\">\n\t\t\t\t\t\t\t<a href=\"https:\/\/www.ultra-filter.be\/es\/products\/secado-al-aire\/secador-de-membrana\/ultra-dry-ufm\/\" aria-label=\"Ultra.dry UFM\">\n\t\t\t\t\t\t\t<img decoding=\"async\" width=\"500\" height=\"500\" src=\"https:\/\/www.ultra-filter.be\/wp-content\/uploads\/2020\/07\/membrane-dryer-1-500x500.png\" class=\"attachment-woocommerce_thumbnail size-woocommerce_thumbnail wp-post-image\" alt=\"\" srcset=\"https:\/\/www.ultra-filter.be\/wp-content\/uploads\/2020\/07\/membrane-dryer-1-66x66.png 66w, https:\/\/www.ultra-filter.be\/wp-content\/uploads\/2020\/07\/membrane-dryer-1-100x100.png 100w, https:\/\/www.ultra-filter.be\/wp-content\/uploads\/2020\/07\/membrane-dryer-1-150x150.png 150w, https:\/\/www.ultra-filter.be\/wp-content\/uploads\/2020\/07\/membrane-dryer-1-200x200.png 200w, https:\/\/www.ultra-filter.be\/wp-content\/uploads\/2020\/07\/membrane-dryer-1-300x300.png 300w, https:\/\/www.ultra-filter.be\/wp-content\/uploads\/2020\/07\/membrane-dryer-1-400x400.png 400w, https:\/\/www.ultra-filter.be\/wp-content\/uploads\/2020\/07\/membrane-dryer-1-500x500.png 500w, https:\/\/www.ultra-filter.be\/wp-content\/uploads\/2020\/07\/membrane-dryer-1-600x600.png 600w, https:\/\/www.ultra-filter.be\/wp-content\/uploads\/2020\/07\/membrane-dryer-1-700x700.png 700w, https:\/\/www.ultra-filter.be\/wp-content\/uploads\/2020\/07\/membrane-dryer-1-768x768.png 768w, https:\/\/www.ultra-filter.be\/wp-content\/uploads\/2020\/07\/membrane-dryer-1.png 800w\" sizes=\"(max-width: 500px) 100vw, 500px\" \/><div class=\"cart-loading\"><i class=\"awb-icon-spinner\" aria-hidden=\"true\"><\/i><\/div>\t\t\t<\/a>\n\t\t\t\t\t\t\t<\/div>\n<\/div>\n<div class=\"fusion-product-content\">\n\t<div class=\"product-details\">\n\t\t<div class=\"product-details-container\">\n<h3 class=\"product-title\">\n\t<a href=\"https:\/\/www.ultra-filter.be\/es\/products\/secado-al-aire\/secador-de-membrana\/ultra-dry-ufm\/\">\n\t\tUltra.dry UFM\t<\/a>\n<\/h3>\n<div class=\"fusion-price-rating\">\n\n\t\t<\/div>\n\t<\/div>\n<\/div>\n\n\t<\/div> \n\n\n<\/div>\n<\/li>\n<\/ul>\n<\/div><div class=\"fusion-sep-clear\"><\/div><div class=\"fusion-separator fusion-full-width-sep\" style=\"margin-left: auto;margin-right: auto;margin-top:20px;width:100%;max-width:100%;\"><\/div><div class=\"fusion-sep-clear\"><\/div><div class=\"fusion-clearfix\"><\/div><\/div><\/div><\/div><\/div><div class=\"fusion-fullwidth fullwidth-box fusion-builder-row-3 nonhundred-percent-fullwidth non-hundred-percent-height-scrolling\" style=\"--awb-border-radius-top-left:0px;--awb-border-radius-top-right:0px;--awb-border-radius-bottom-right:0px;--awb-border-radius-bottom-left:0px;--awb-padding-top:80px;--awb-padding-bottom:60px;--awb-background-color:#ececec;--awb-flex-wrap:wrap;\" ><div class=\"fusion-builder-row fusion-row\"><div class=\"fusion-layout-column fusion_builder_column fusion-builder-column-3 fusion_builder_column_1_1 1_1 fusion-one-full fusion-column-first fusion-column-last\" style=\"--awb-bg-size:cover;\"><div class=\"fusion-column-wrapper fusion-flex-column-wrapper-legacy\"><div class=\"fusion-clearfix\"><\/div><\/div><\/div><\/div><\/div><div class=\"fusion-fullwidth fullwidth-box fusion-builder-row-4 has-pattern-background has-mask-background hundred-percent-fullwidth non-hundred-percent-height-scrolling\" style=\"--awb-border-radius-top-left:0px;--awb-border-radius-top-right:0px;--awb-border-radius-bottom-right:0px;--awb-border-radius-bottom-left:0px;--awb-padding-right:80px;--awb-padding-left:80px;--awb-background-color:#ececec;--awb-flex-wrap:wrap;\" ><div class=\"fusion-builder-row fusion-row\"><div class=\"fusion-layout-column fusion_builder_column fusion-builder-column-4 fusion_builder_column_1_1 1_1 fusion-one-full fusion-column-first fusion-column-last\" style=\"--awb-bg-size:cover;--awb-margin-bottom:0px;\"><div class=\"fusion-column-wrapper fusion-column-has-shadow fusion-flex-column-wrapper-legacy\"><div class=\"fusion-sep-clear\"><\/div><div class=\"fusion-separator fusion-full-width-sep\" style=\"margin-left: auto;margin-right: auto;margin-top:120px;width:100%;max-width:100%;\"><\/div><div class=\"fusion-sep-clear\"><\/div><div class=\"fusion-clearfix\"><\/div><\/div><\/div><\/div><\/div>\n<div class=\"fusion-fullwidth fullwidth-box fusion-builder-row-5 nonhundred-percent-fullwidth non-hundred-percent-height-scrolling op-wit\" style=\"--awb-border-radius-top-left:0px;--awb-border-radius-top-right:0px;--awb-border-radius-bottom-right:0px;--awb-border-radius-bottom-left:0px;--awb-margin-top:-100px;--awb-background-color:rgba(255,255,255,0);--awb-flex-wrap:wrap;\" ><div class=\"fusion-builder-row fusion-row\"><div class=\"fusion-layout-column fusion_builder_column fusion-builder-column-5 fusion_builder_column_1_6 1_6 fusion-one-sixth fusion-column-first\" style=\"--awb-bg-size:cover;--awb-margin-bottom:0px;width:16.666666666667%;width:calc(16.666666666667% - ( ( 0 + 0 ) * 0.16666666666667 ) );margin-right: 0px;\"><div class=\"fusion-column-wrapper fusion-flex-column-wrapper-legacy\"><div class=\"fusion-clearfix\"><\/div><\/div><\/div><div class=\"fusion-layout-column fusion_builder_column fusion-builder-column-6 fusion_builder_column_2_3 2_3 fusion-two-third\" style=\"--awb-padding-top:60px;--awb-padding-right:40px;--awb-padding-bottom:60px;--awb-padding-left:40px;--awb-bg-color:#00528c;--awb-bg-color-hover:#00528c;--awb-bg-size:cover;width:66.666666666667%;width:calc(66.666666666667% - ( ( 0 + 0 ) * 0.66666666666667 ) );margin-right: 0px;\"><div class=\"fusion-column-wrapper fusion-column-has-shadow fusion-flex-column-wrapper-legacy\"><div class=\"fusion-title title fusion-title-6 fusion-sep-none fusion-title-text fusion-title-size-four\" style=\"--awb-margin-bottom:0px;--awb-margin-top-small:0px;--awb-margin-right-small:0px;--awb-margin-bottom-small:20px;--awb-margin-left-small:0px;\"><h4 class=\"fusion-title-heading title-heading-left fusion-responsive-typography-calculated\" style=\"margin:0;--fontSize:18;--minFontSize:18;line-height:1.5;\">Contacto<\/h4><\/div><div class=\"fusion-title title fusion-title-7 fusion-sep-none fusion-title-text fusion-title-size-two\" style=\"--awb-margin-top-small:0px;--awb-margin-right-small:0px;--awb-margin-bottom-small:20px;--awb-margin-left-small:0px;\"><h2 class=\"fusion-title-heading title-heading-left fusion-responsive-typography-calculated\" style=\"margin:0;--fontSize:32;line-height:1.4;\">\u00bfNecesita m\u00e1s informaci\u00f3n?<\/h2><\/div><div class=\"fusion-text fusion-text-2\"><p>No dude en ponerse en contacto con nosotros si tiene alguna pregunta sobre nuestros filtros y elementos filtrantes.<\/p>\n<\/div><div class=\"fusion-button-wrapper\"><a class=\"fusion-button button-flat fusion-button-default-size button-default fusion-button-default button-1 fusion-button-default-span fusion-button-default-type\" target=\"_self\" title=\"Contacto\" aria-label=\"Contacto\" href=\"https:\/\/www.ultra-filter.be\/es\/contacto\/\"><span class=\"fusion-button-text awb-button__text awb-button__text--default\">Contacto<\/span><\/a><\/div><div class=\"fusion-clearfix\"><\/div><\/div><\/div><div class=\"fusion-layout-column fusion_builder_column fusion-builder-column-7 fusion_builder_column_1_6 1_6 fusion-one-sixth fusion-column-last\" style=\"--awb-bg-size:cover;--awb-margin-bottom:0px;width:16.666666666667%;width:calc(16.666666666667% - ( ( 0 + 0 ) * 0.16666666666667 ) );\"><div class=\"fusion-column-wrapper fusion-flex-column-wrapper-legacy\"><div class=\"fusion-clearfix\"><\/div><\/div><\/div><\/div><\/div>\n<\/p>\n","protected":false},"excerpt":{"rendered":"","protected":false},"author":1,"featured_media":0,"parent":10513,"menu_order":0,"comment_status":"closed","ping_status":"closed","template":"100-width.php","meta":{"footnotes":""},"class_list":["post-10516","page","type-page","status-publish","hentry"],"yoast_head":"<!-- This site is optimized with the Yoast SEO plugin v27.5 - https:\/\/yoast.com\/product\/yoast-seo-wordpress\/ -->\n<title>Secado al aire - Ultrafilter<\/title>\n<meta name=\"robots\" content=\"index, follow, max-snippet:-1, max-image-preview:large, max-video-preview:-1\" \/>\n<link rel=\"canonical\" href=\"https:\/\/www.ultra-filter.be\/products\/air-drying\/\" \/>\n<meta property=\"og:locale\" content=\"es_ES\" \/>\n<meta property=\"og:type\" content=\"article\" \/>\n<meta property=\"og:title\" content=\"Secado al aire - Ultrafilter\" \/>\n<meta property=\"og:url\" content=\"https:\/\/www.ultra-filter.be\/products\/air-drying\/\" \/>\n<meta property=\"og:site_name\" content=\"Ultrafilter\" \/>\n<meta property=\"article:modified_time\" content=\"2023-06-13T08:32:18+00:00\" \/>\n<meta name=\"twitter:card\" content=\"summary_large_image\" \/>\n<meta name=\"twitter:label1\" content=\"Tiempo de lectura\" \/>\n\t<meta name=\"twitter:data1\" content=\"8 minutos\" \/>\n<script type=\"application\/ld+json\" class=\"yoast-schema-graph\">{\"@context\":\"https:\\\/\\\/schema.org\",\"@graph\":[{\"@type\":\"WebPage\",\"@id\":\"https:\\\/\\\/www.ultra-filter.be\\\/products\\\/air-drying\\\/\",\"url\":\"https:\\\/\\\/www.ultra-filter.be\\\/products\\\/air-drying\\\/\",\"name\":\"Secado al aire - Ultrafilter\",\"isPartOf\":{\"@id\":\"https:\\\/\\\/www.ultra-filter.be\\\/fr\\\/#website\"},\"datePublished\":\"2023-06-13T08:32:17+00:00\",\"dateModified\":\"2023-06-13T08:32:18+00:00\",\"breadcrumb\":{\"@id\":\"https:\\\/\\\/www.ultra-filter.be\\\/products\\\/air-drying\\\/#breadcrumb\"},\"inLanguage\":\"es\",\"potentialAction\":[{\"@type\":\"ReadAction\",\"target\":[\"https:\\\/\\\/www.ultra-filter.be\\\/products\\\/air-drying\\\/\"]}]},{\"@type\":\"BreadcrumbList\",\"@id\":\"https:\\\/\\\/www.ultra-filter.be\\\/products\\\/air-drying\\\/#breadcrumb\",\"itemListElement\":[{\"@type\":\"ListItem\",\"position\":1,\"name\":\"Home\",\"item\":\"https:\\\/\\\/www.ultra-filter.be\\\/es\\\/\"},{\"@type\":\"ListItem\",\"position\":2,\"name\":\"Productos\",\"item\":\"https:\\\/\\\/www.ultra-filter.be\\\/products\\\/\"},{\"@type\":\"ListItem\",\"position\":3,\"name\":\"Secado al aire\"}]},{\"@type\":\"WebSite\",\"@id\":\"https:\\\/\\\/www.ultra-filter.be\\\/fr\\\/#website\",\"url\":\"https:\\\/\\\/www.ultra-filter.be\\\/fr\\\/\",\"name\":\"Ultrafilter\",\"description\":\"The filtration manufacturer\",\"potentialAction\":[{\"@type\":\"SearchAction\",\"target\":{\"@type\":\"EntryPoint\",\"urlTemplate\":\"https:\\\/\\\/www.ultra-filter.be\\\/fr\\\/?s={search_term_string}\"},\"query-input\":{\"@type\":\"PropertyValueSpecification\",\"valueRequired\":true,\"valueName\":\"search_term_string\"}}],\"inLanguage\":\"es\"}]}<\/script>\n<!-- \/ Yoast SEO plugin. -->","yoast_head_json":{"title":"Secado al aire - Ultrafilter","robots":{"index":"index","follow":"follow","max-snippet":"max-snippet:-1","max-image-preview":"max-image-preview:large","max-video-preview":"max-video-preview:-1"},"canonical":"https:\/\/www.ultra-filter.be\/products\/air-drying\/","og_locale":"es_ES","og_type":"article","og_title":"Secado al aire - Ultrafilter","og_url":"https:\/\/www.ultra-filter.be\/products\/air-drying\/","og_site_name":"Ultrafilter","article_modified_time":"2023-06-13T08:32:18+00:00","twitter_card":"summary_large_image","twitter_misc":{"Tiempo de lectura":"8 minutos"},"schema":{"@context":"https:\/\/schema.org","@graph":[{"@type":"WebPage","@id":"https:\/\/www.ultra-filter.be\/products\/air-drying\/","url":"https:\/\/www.ultra-filter.be\/products\/air-drying\/","name":"Secado al aire - Ultrafilter","isPartOf":{"@id":"https:\/\/www.ultra-filter.be\/fr\/#website"},"datePublished":"2023-06-13T08:32:17+00:00","dateModified":"2023-06-13T08:32:18+00:00","breadcrumb":{"@id":"https:\/\/www.ultra-filter.be\/products\/air-drying\/#breadcrumb"},"inLanguage":"es","potentialAction":[{"@type":"ReadAction","target":["https:\/\/www.ultra-filter.be\/products\/air-drying\/"]}]},{"@type":"BreadcrumbList","@id":"https:\/\/www.ultra-filter.be\/products\/air-drying\/#breadcrumb","itemListElement":[{"@type":"ListItem","position":1,"name":"Home","item":"https:\/\/www.ultra-filter.be\/es\/"},{"@type":"ListItem","position":2,"name":"Productos","item":"https:\/\/www.ultra-filter.be\/products\/"},{"@type":"ListItem","position":3,"name":"Secado al aire"}]},{"@type":"WebSite","@id":"https:\/\/www.ultra-filter.be\/fr\/#website","url":"https:\/\/www.ultra-filter.be\/fr\/","name":"Ultrafilter","description":"The filtration manufacturer","potentialAction":[{"@type":"SearchAction","target":{"@type":"EntryPoint","urlTemplate":"https:\/\/www.ultra-filter.be\/fr\/?s={search_term_string}"},"query-input":{"@type":"PropertyValueSpecification","valueRequired":true,"valueName":"search_term_string"}}],"inLanguage":"es"}]}},"_links":{"self":[{"href":"https:\/\/www.ultra-filter.be\/es\/wp-json\/wp\/v2\/pages\/10516","targetHints":{"allow":["GET"]}}],"collection":[{"href":"https:\/\/www.ultra-filter.be\/es\/wp-json\/wp\/v2\/pages"}],"about":[{"href":"https:\/\/www.ultra-filter.be\/es\/wp-json\/wp\/v2\/types\/page"}],"author":[{"embeddable":true,"href":"https:\/\/www.ultra-filter.be\/es\/wp-json\/wp\/v2\/users\/1"}],"replies":[{"embeddable":true,"href":"https:\/\/www.ultra-filter.be\/es\/wp-json\/wp\/v2\/comments?post=10516"}],"version-history":[{"count":2,"href":"https:\/\/www.ultra-filter.be\/es\/wp-json\/wp\/v2\/pages\/10516\/revisions"}],"predecessor-version":[{"id":10518,"href":"https:\/\/www.ultra-filter.be\/es\/wp-json\/wp\/v2\/pages\/10516\/revisions\/10518"}],"up":[{"embeddable":true,"href":"https:\/\/www.ultra-filter.be\/es\/wp-json\/wp\/v2\/pages\/10513"}],"wp:attachment":[{"href":"https:\/\/www.ultra-filter.be\/es\/wp-json\/wp\/v2\/media?parent=10516"}],"curies":[{"name":"wp","href":"https:\/\/api.w.org\/{rel}","templated":true}]}}